{"id":22,"date":"2020-05-12T12:28:31","date_gmt":"2020-05-12T12:28:31","guid":{"rendered":"http:\/\/zrnatestrocnice.um.si\/?page_id=22"},"modified":"2022-09-15T11:13:44","modified_gmt":"2022-09-15T11:13:44","slug":"izvedeni-dogodki","status":"publish","type":"page","link":"https:\/\/zrnatestrocnice.um.si\/?page_id=22","title":{"rendered":"Izvedeni dogodki"},"content":{"rendered":"\n<p><strong>Dogodki v letu 2022:<\/strong><\/p>\n\n\n\n<ul><li>Zaklju\u010dna konferenca EIP projekta (11. 3. 2022) (<a href=\"http:\/\/zrnatestrocnice.um.si\/index.php\/2022\/03\/07\/file-c-users-lisec-desktop-vabilo-na-koncni-dogodk-eip-zrnate-strocnice-pridelava-predelava-in-uporaba-pdf\/\" data-type=\"URL\" data-id=\"http:\/\/zrnatestrocnice.um.si\/index.php\/2022\/03\/07\/file-c-users-lisec-desktop-vabilo-na-koncni-dogodk-eip-zrnate-strocnice-pridelava-predelava-in-uporaba-pdf\/\" target=\"_blank\" rel=\"noreferrer noopener\">partnerji projekta EIP<\/a>)<\/li><\/ul>\n\n\n\n<p><strong>Dogodki v letu 2021:<\/strong><\/p>\n\n\n\n<ul><li>Predavanje na sejmu NARAVA ZDRAVJE (22. oktober 2021); <strong>Vol\u010dji bob ali divja kava &#8211; PRILO\u017dNOST V PRIDELAVI IN PREHRANI (doc. dr. Darja Kocjan A\u010dko)<\/strong><\/li><\/ul>\n\n\n\n<p><\/p>\n\n\n\n<ul><li><strong>Predstavitev projekta in rezultatov poskusa z visokim fi\u017eolom v \u017ei\u010dnicah hmelji\u0161\u010d na tehnolo\u0161kem sestanku hmeljarjev<\/strong> (Braslov\u010de, 3. junij 2021)<\/li><\/ul>\n\n\n\n<div class=\"wp-block-file\"><a id=\"wp-block-file--media-36f93c88-6cc8-4598-b590-5300fed9d346\" href=\"http:\/\/zrnatestrocnice.um.si\/wp-content\/uploads\/2021\/06\/17_Zapisnik-predstavitve-projekta-in-rezultatov-na-srecanju-hmeljarjev-3-6-2021-2.pdf\" target=\"_blank\" rel=\"noreferrer noopener\">Zapisnik-predstavitve-projekta-in-rezultatov-na-srecanju-hmeljarjev<\/a><a href=\"http:\/\/zrnatestrocnice.um.si\/wp-content\/uploads\/2021\/06\/17_Zapisnik-predstavitve-projekta-in-rezultatov-na-srecanju-hmeljarjev-3-6-2021-2.pdf\" class=\"wp-block-file__button\" download aria-describedby=\"wp-block-file--media-36f93c88-6cc8-4598-b590-5300fed9d346\">Prenos<\/a><\/div>\n\n\n\n<ul><li>Predstavitev pridelovalnih razmer koruze in rezultatov projekta EIP Zrnate stro\u010dnice z ogledom posevka soje na kmetiji Mohori\u010d (kmetija Mohori\u010d, 31. 8. 2021)<\/li><\/ul>\n\n\n\n<p><\/p>\n\n\n\n<ul><li>Delavnica za partnerska kmetijska gospodarstva, ki niso \u010dlani partnerstva (\u017dipo, 22.6.2021)<\/li><\/ul>\n\n\n\n<ul><li>Delavnica za svetovalce, pridelovalce in \u0161ir\u0161o javnost z demonstracijskim ogledom poskusov (\u017dipo, 22.6.2021)<\/li><\/ul>\n\n\n\n<ul><li>Sodelovanje: <strong>Novi izzivi v agronomiji 2021<\/strong> (<a rel=\"noreferrer noopener\" href=\"https:\/\/www.agronomsko-drustvo.si\/wp-content\/uploads\/2021\/02\/NIA-2021-zbornik-simpozija.pdf\" target=\"_blank\">Zbornik simpozija NOVI IZZIVI V AGRONOMIJI 2021<\/a>)<\/li><\/ul>\n\n\n\n<p>&#8211; <strong>Prispevek:<a rel=\"noreferrer noopener\" href=\"http:\/\/zrnatestrocnice.um.si\/wp-content\/uploads\/2021\/06\/PPP-IZZIVI-2021-EIP-Zrnate-strocnice-1.pdf\" data-type=\"URL\" data-id=\"http:\/\/zrnatestrocnice.um.si\/wp-content\/uploads\/2021\/06\/PPP-IZZIVI-2021-EIP-Zrnate-strocnice-1.pdf\" target=\"_blank\"> <\/a><\/strong><a rel=\"noreferrer noopener\" href=\"http:\/\/zrnatestrocnice.um.si\/wp-content\/uploads\/2021\/06\/PPP-IZZIVI-2021-EIP-Zrnate-strocnice-1.pdf\" data-type=\"URL\" data-id=\"http:\/\/zrnatestrocnice.um.si\/wp-content\/uploads\/2021\/06\/PPP-IZZIVI-2021-EIP-Zrnate-strocnice-1.pdf\" target=\"_blank\">Predstavitev projekta EIP<\/a> Zrnate stro\u010dnice &#8211; pridelava, predela in uporaba, <br> &#8211;<strong> Prispevek<\/strong>: Vpliv medvrstne razdalje, sorte in dodatne inokulacije semena pred setvijo na morfolo\u0161ke lastnosti rastlin, pridelek ter vsebnost beljakovin in ma\u0161\u010dob v zrnju soje (<a rel=\"noreferrer noopener\" href=\"https:\/\/www.agronomsko-drustvo.si\/wp-content\/uploads\/2021\/02\/NIA-2021-zbornik-simpozija.pdf\" data-type=\"URL\" data-id=\"https:\/\/www.agronomsko-drustvo.si\/wp-content\/uploads\/2021\/02\/NIA-2021-zbornik-simpozija.pdf\" target=\"_blank\">stran 79<\/a>),<br>&#8211; <strong>Prispevek:<\/strong> Pridelek visokega fi\u017eola za zrnje v hmelji\u0161\u010du glede na odmerek du\u0161ika za dognojevanje in vrsto gnojila (<a rel=\"noreferrer noopener\" href=\"https:\/\/www.agronomsko-drustvo.si\/wp-content\/uploads\/2021\/02\/NIA-2021-zbornik-simpozija.pdf\" data-type=\"URL\" data-id=\"https:\/\/www.agronomsko-drustvo.si\/wp-content\/uploads\/2021\/02\/NIA-2021-zbornik-simpozija.pdf\" target=\"_blank\">stran 96<\/a>).<\/p>\n\n\n\n<p><strong>Odmevnej\u0161i dogodki v letu 2020:<\/strong><\/p>\n\n\n\n<p><\/p>\n\n\n\n<ul><li>Drugi koordinacijski sestanek partnerjev na FKBV (27.2.2020),<\/li><li>57. seminar o hmeljarstvu 13. feb. 2020 v La\u0161kem,<\/li><li>udele\u017eba 9. in 10. novemba 2020 na  35. TRADICIONALNEM POSVETU JAVNE SLU\u017dBE KMETIJSKEGA SVETOVANJA.<\/li><\/ul>\n\n\n\n<p><strong>Delavnice v letu 2020:<\/strong><\/p>\n\n\n\n<ul><li> Delavnica za kmetijska gospodarstva z demonstracijskim ogledom poskusov v okviru projekta EIP (kmetija Grubi\u010d, 27.5.2020),<\/li><li>Delavnica za \u0161ir\u0161o javnost z demonstracijskim ogledom poskusov v okviru projekta EIP (kmetija Kure, 27.5.2020),<\/li><li>Delavnica za demonstracijskim ogledom poskusa s pridelavo visokega fi\u017eola v \u017ei\u010dnici hmelji\u0161\u010da v okviru projekta EIP (<a href=\"https:\/\/www.facebook.com\/watch\/?v=2604720126512260\" data-type=\"URL\" data-id=\"https:\/\/www.facebook.com\/watch\/?v=2604720126512260\">kmetija Lesko\u0161ek, 5.6.2020<\/a>),<\/li><li>Delavnica za kmetijske svetovalce in pridelovalce z demonstracijskim ogledom poskusov v okviru projekta EIP ( kmetija Topolovec, 18.6.2020),<\/li><li>Delavnica na ekolo\u0161ki kmetiji Topolovec v Vr\u017eeju (8.7.2020),<\/li><li>Delavnica : Za kmetijska gospodarstva z demonstracijskim ogledom poskusov v okviru projekta EIP (kmetija Grubi\u010d, 9.7.2020),<\/li><li>Delavnica za kmetijske svetovalce z ogledoma prakti\u010dnih preizkusov v okviru projekta EIP (kmetija Ferlan, 14.7.2020),<\/li><\/ul>\n\n\n\n<ul><li>Prenos znanja v prakso; strokovni dogodek na KG Lesko\u0161ek (28.7.2020; IHPS),<\/li><li>Strokovna ekskurzija \u0161tudenti FKBV na kmetijo \u017dipo d.o.o.<\/li><\/ul>\n\n\n\n<p><strong>Odmevnej\u0161i dogodki v letu 2019:<\/strong><\/p>\n\n\n\n<p><a rel=\"noreferrer noopener\" href=\"https:\/\/www.facebook.com\/permalink.php?story_fbid=2073264272722338&amp;id=169489663099818&amp;__xts__[0]=68.ARD2eWWmZC_Ik0IixrjpqsMCDg4OJzUQGceAbX0XNHGsmG38T9GnQerhG93BH737by3sHTRNBjV8g5H4hd-rQu-6ykIH_pkODWtC5j6vL_b3_fSQFYGIPK1CKgA4xt3Z9OvbQ1WTu_5iJRnT-N_Xf3z1OZ0aPLbFqTIAbeo5xTd2HL0y5FkMMXHe0SrrGhRv0MwcsQJILZlAPrqxn9Y-B-AGWrOdpOB2p0PkpRk_Z2urR5Y6d87kZPXtsgIWGmf3kgJ4ZwbI7ECsaS2l2Ds16BRyDJ4f9HKwAM-KutrH66UoIB3d0lyK7M_MLs7L_Wd1Dag49t32LajtmGSf_9-J95PfMA&amp;__tn__=-R\" target=\"_blank\">Prvo usposabljanje vklju\u010denih partnerjev v projektu EIP Zrnate stro\u010dnice na kmetiji Topolovec.<\/a><\/p>\n\n\n\n<p><a rel=\"noreferrer noopener\" href=\"https:\/\/www.facebook.com\/permalink.php?story_fbid=2084233314958767&amp;id=169489663099818&amp;__xts__[0]=68.ARAJHC7OHkxe1z3CVB0zLol6fG12hpJq5eHnrNoagpLt3-ilzB5Er9ThyH-FlmBD1a9Pmwudj4orZpkL3MRrgDUK7SUBqvbhIJ16x-Wdyb1JLa276Kih8bUI0rdjusV8IncwtN9-YOP7fk0q-__vJcEvn6jrGjJ6rwidEK20QHdKmMQX-TPInZgNFU6ZQB8q0xfS0J8pMsjhSuuV7ruRHR4QJylo9b6s2GhePjgb85UKaPxk0-nWbYsAF4uKxwGZBk5syiZ1EtmDppkSPTBrEbwxaxSn9omvvwHbbpyvzDWpR3AGMSCnV15FvdNZ-phVlX_SjvVn9leynVa82-rpkZM3Kw&amp;__tn__=-R\" target=\"_blank\">Drugo usposabljanje vklju\u010denih partnerjev v projektu EIP Zrnate stro\u010dnice na kmetiji Kure.<\/a><\/p>\n\n\n\n<p><a rel=\"noreferrer noopener\" href=\"https:\/\/www.facebook.com\/permalink.php?story_fbid=2086694228046009&amp;id=169489663099818&amp;__xts__[0]=68.ARCRMfG7nulPplwcVH7EoPG3l0vnKFk5eBvZBImOecrwvwtDpZkFk3Pc1YCIPtfeXXIA5sQF02r3SMBkmvcrq_wyaOPyxd_VcyxILfAuvgfyvBO_dRM3kpz6jyIFzzoiJ1KzW87gRA-TFq7vjOSj-F8VwX7kJQw058ACM9QjeP0Iww7HyFNcRlqntxKftBKRQqSym88Dz3NNZjyB_Cjnpaj6o_jQomhwvAKiubQlRLf_dgtfknBIarkptrH6YrPa0uYaJts5JZEyxD2ilxyrSbkRFKvW--Cjel1b-sbLVuyMJ91ggarpldXkqMtG1F43hLp8JV3iKDJERuHiSOIcnf-BeQ&amp;__tn__=-R\" target=\"_blank\">Tretje usposabljanje vklju\u010denih partnerjev v projektu EIP Zrnate stro\u010dnice na kmetiji Grubi\u010d.<\/a><\/p>\n\n\n\n<p><a rel=\"noreferrer noopener\" href=\"https:\/\/www.facebook.com\/permalink.php?story_fbid=2533789033336524&amp;id=169489663099818&amp;__xts__[0]=68.ARCm_6sUXUPs3O-_r2XB_dV9SynJDB5AHA0-uVYBTeDIxfQM0ZxY0EPYd1Dp7U146Zqu10ZmL3ENIqFU8qiA-H5Gd0wD79jLrdh4HfifVESbAIpTHRiHmYtAFs6cI3Q2SUqjAX0xx542A2ZrlpSY2FlGjgqu3xjzUZozkD-fS8P8Pn4N20gfd_6r_5GqneXmJvQ6Ys70tu6lHtQdik-QQZPNv_SXwhfaIGl4WteQIkWvlsR3jHOWd9qwA_4GkWKHiWj3hIgf7U5I9ulsAhLfhEed1vw04hrzfcrtk3asdcrfOiZ-SHXmjHBaZHAEmAZ4nakx20K3Zbl5oVCvTHgwyHetH97d9m-Vz0GHW7ira2ATHU9xLFGL_YqWI2aeFV5xZWrVAx0uxmX4HnzpxRGGffDNJRV5KFs1wjPEmJ0LnbuhT_Hfu3n1IfVZOmc4IFanQBEq1y2WwWL2hbJ71S9SK5xn6kNnbPy5o8rAfvc3cj4dAAcLj88rVHZC&amp;__tn__=-R\" target=\"_blank\">Drugi dan konference &#8220;Skupaj za napredek slovenskega kmetijstva in pode\u017eelja&#8221;<\/a><\/p>\n\n\n\n<p><a rel=\"noreferrer noopener\" href=\"https:\/\/www.facebook.com\/groups\/46580882753\/permalink\/10157748106567754\/\" target=\"_blank\">Promocija EIP Zrnate stro\u010dnice tudi na AGRA 2019<\/a><\/p>\n\n\n\n<p><a rel=\"noreferrer noopener\" href=\"https:\/\/www.facebook.com\/groups\/46580882753\/permalink\/10157604329547754\/\" target=\"_blank\">Ekipa EIP Zrnate stro\u010dnice UM FKBV  v Benediktu na Graharijadi.<\/a><\/p>\n\n\n\n<p><strong>Dogodki , kjer je bil projekt Zrnate stro\u010dnice v letu 2019 predstavljen<\/strong>:<\/p>\n\n\n\n<p><\/p>\n\n\n\n<ul><li>izvedba predavanj na 50. sejmu NARAVA \u2013 ZDRAVJE,<\/li><li>izvedba predavanj 4. Rengeov simpozij o konoplji in drugih polj\u0161\u010dinah,<\/li><li>soorganizacija dogodka: \u2018Predavanje o stro\u010dnicah\u2019<\/li><li>soorganizacija dogodka \u2018Semenjalnica\u2019 &#8211; strokovno usposabljanje, ki poteka v okviru projekta Semenjalnica,<\/li><li>predstavitev projekta EIP Zrnate stro\u010dnice \u2013 pridelava, predelava in uporaba in prvih rezultatov za pano\u017eni kro\u017eek rejcev za prirejo mleka v Novem mestu,<\/li><li>predstavitev projekta EIP Zrnate stro\u010dnice \u2013 pridelava, predelava in uporaba in prvih rezultatov za Govedorejsko dru\u0161tvo Sevnica,<\/li><li>predstavitev projekta EIP Zrnate stro\u010dnice \u2013 pridelava, predelava in uporaba in prvih rezultatov za rejce krav molznic v Bre\u017eicah,<\/li><li>predstavitev projekta EIP Zrnate stro\u010dnice \u2013 pridelava, predelava in uporaba in prvih rezultatov za prirejo mleka v Kr\u0161kem,<\/li><li>sre\u010danje Dru\u0161tva kme\u010dkih \u017eena in deklet ob\u010dine Benedikt na temo skupnega sodelovanja pri organizaciji dogodka &#8216;Graharjada&#8217;,<\/li><li>dogodek &#8216;Graharjada&#8217;,<\/li><li>prikaz mehanske ekstrakcija olja s stiskalnico za olje na 22. slovenskem sre\u010danju ljubiteljev stare kmetijske tehnike v Jabljah,<\/li><li> predstavljen pojekt EIP na znanstveni konferenci dru\u0161tva za varstvo rastlin Slovenije.<\/li><\/ul>\n","protected":false},"excerpt":{"rendered":"<p>Dogodki v letu 2022: Zaklju\u010dna konferenca EIP projekta (11. 3. 2022) (partnerji projekta EIP) Dogodki v letu 2021: Predavanje na sejmu NARAVA ZDRAVJE (22. oktober 2021); Vol\u010dji bob ali divja kava &#8211; PRILO\u017dNOST V PRIDELAVI IN PREHRANI (doc. dr. Darja Kocjan A\u010dko)&hellip;<\/p>\n","protected":false},"author":2,"featured_media":0,"parent":0,"menu_order":0,"comment_status":"closed","ping_status":"closed","template":"","meta":{"_acf_changed":false,"footnotes":""},"acf":[],"_links":{"self":[{"href":"https:\/\/zrnatestrocnice.um.si\/index.php?rest_route=\/wp\/v2\/pages\/22"}],"collection":[{"href":"https:\/\/zrnatestrocnice.um.si\/index.php?rest_route=\/wp\/v2\/pages"}],"about":[{"href":"https:\/\/zrnatestrocnice.um.si\/index.php?rest_route=\/wp\/v2\/types\/page"}],"author":[{"embeddable":true,"href":"https:\/\/zrnatestrocnice.um.si\/index.php?rest_route=\/wp\/v2\/users\/2"}],"replies":[{"embeddable":true,"href":"https:\/\/zrnatestrocnice.um.si\/index.php?rest_route=%2Fwp%2Fv2%2Fcomments&post=22"}],"version-history":[{"count":48,"href":"https:\/\/zrnatestrocnice.um.si\/index.php?rest_route=\/wp\/v2\/pages\/22\/revisions"}],"predecessor-version":[{"id":1116,"href":"https:\/\/zrnatestrocnice.um.si\/index.php?rest_route=\/wp\/v2\/pages\/22\/revisions\/1116"}],"wp:attachment":[{"href":"https:\/\/zrnatestrocnice.um.si\/index.php?rest_route=%2Fwp%2Fv2%2Fmedia&parent=22"}],"curies":[{"name":"wp","href":"https:\/\/api.w.org\/{rel}","templated":true}]}}